{"id":870,"date":"2024-03-18T07:29:21","date_gmt":"2024-03-18T05:29:21","guid":{"rendered":"https:\/\/effik.ch\/gynecologie\/vaginale-gesundheit\/"},"modified":"2024-06-17T10:46:24","modified_gmt":"2024-06-17T08:46:24","slug":"sante-vaginale","status":"publish","type":"page","link":"https:\/\/effik.ch\/fr\/gynecologie\/sante-vaginale\/","title":{"rendered":"Sant\u00e9 vaginale"},"content":{"rendered":"<div id=\"block_9a551793ce4c8a23bb46217ea5b1f1b2\" class=\"hero-block alignfull\" style=\"background-image: url(https:\/\/effik.ch\/wp-content\/uploads\/2024\/03\/vaginal-health-1.jpg)\">\n\t<div class=\"wrap\">\n\t\t\t\t<h1 class=\"entry-title\">Sant\u00e9 vaginale<\/h1>\n\t\t\t<\/div>\n<\/div>\n\n\n<div id=\"block_b7abfa99fb1555c9859430217b1d8953\" class=\"secondary-menu-block alignfull\" style=\"\">\n<ul class=\"secondary-menu-container\">\n\t\t\t<li class=\"secondary-menu-item\">\n\t\t\t<a class=\"secondary-menu-item__content\" href=\"#ainara\">La s\u00e9cheresse vaginale<\/a>\n\t\t<\/li>\n\t\t\t\t<li class=\"secondary-menu-item\">\n\t\t\t<a class=\"secondary-menu-item__content\" href=\"#polybactum\">La vaginose bact\u00e9rienne<\/a>\n\t\t<\/li>\n\t\t\t\t<li class=\"secondary-menu-item\">\n\t\t\t<a class=\"secondary-menu-item__content\" href=\"#geliofil\">Les d\u00e9s\u00e9quilibres de la flore vaginale<\/a>\n\t\t<\/li>\n\t\t\t\t<li class=\"secondary-menu-item\">\n\t\t\t<a class=\"secondary-menu-item__content\" href=\"#colpofix\">Infections vaginales \u00e0 HPV<\/a>\n\t\t<\/li>\n\t\t\t<\/ul>\n\t<\/div>\n\n\n<div id=\"block_8a10bdb8dfc5e0de4a767e8e25b70b6a\" class=\"hero-text-block alignfull\" style=\"\">\n\t<div class=\"wrap\">\n\t\t\t\t\t\t\t<div class=\"hero-text\"><p><span style=\"font-weight: 400;\">Vous ressentez des d\u00e9mangeaisons ou une sensation de br\u00fblure au niveau de votre zone intime ? Vous souffrez de pertes vaginales anormales ou constatez une odeur d\u00e9sagr\u00e9able ? Ces sympt\u00f4mes peuvent indiquer des troubles de la flore vaginale ou des infections vaginales. Cela se produit tr\u00e8s souvent, mais personne n\u2019aime en parler. Cependant, la sant\u00e9 vaginale joue un r\u00f4le d\u00e9cisif dans le bien-\u00eatre g\u00e9n\u00e9ral d\u2019une femme et m\u00e9rite donc d\u2019\u00eatre trait\u00e9e de fa\u00e7on s\u00e9rieuse.<\/span><\/p>\n<p><span style=\"font-weight: 400;\">Il existe des solutions pour soulager ces sympt\u00f4mes et r\u00e9tablir l\u2019\u00e9quilibre vaginal. Les infections vaginales et les autres probl\u00e8mes au niveau de la zone intime peuvent avoir plusieurs causes. C\u2019est pourquoi vous ne devez pas h\u00e9siter \u00e0 discuter de tous vos sympt\u00f4mes avec votre gyn\u00e9cologue.<\/span><\/p>\n<p><span style=\"font-weight: 400;\">Vous trouverez ci-dessous des conseils utiles pour une bonne hygi\u00e8ne intime, ainsi que des informations compl\u00e9mentaires concernant la s\u00e9cheresse vaginale, la vaginose bact\u00e9rienne et le d\u00e9s\u00e9quilibre de la flore vaginale.<\/span><\/p>\n<p><b>Toutes les femmes peuvent \u00eatre concern\u00e9es!<\/b><\/p>\n<\/div>\n\t\t\t<\/div>\n<\/div>\n\n\n<div id=\"ainara\" class=\"inner-hero-block spaced-p alignfull hero-mbl-column\" style=\"background-image: url(https:\/\/effik.ch\/wp-content\/uploads\/2024\/03\/ainara-bg.svg)\">\n<div class=\"anchor-div\"><\/div>\n\n\t\t\t<div class=\"inner-hero-bg-mbl\" style=\"background-image: url(https:\/\/effik.ch\/wp-content\/uploads\/2024\/03\/ainara-bg.svg); aspect-ratio:393\/200; min-height:200px;\">\n\t<div class=\"img-container\"><img loading=\"lazy\" decoding=\"async\" width=\"420\" height=\"360\" src=\"https:\/\/effik.ch\/wp-content\/uploads\/2024\/03\/AINARA-1.png\" class=\"attachment-large size-large\" alt=\"\" srcset=\"https:\/\/effik.ch\/wp-content\/uploads\/2024\/03\/AINARA-1.png 420w, https:\/\/effik.ch\/wp-content\/uploads\/2024\/03\/AINARA-1-300x257.png 300w\" sizes=\"auto, (max-width: 420px) 100vw, 420px\" \/><\/div>\n\t\t\t\t\t<\/div>\n\t<div class=\"wrap\" style=\"flex-direction: row;\">\n\t\t<div class=\"img-container\" style=\"justify-content: flex-start; max-height: 552px; width: calc(100% - 453px);\"><img loading=\"lazy\" decoding=\"async\" width=\"420\" height=\"360\" src=\"https:\/\/effik.ch\/wp-content\/uploads\/2024\/03\/AINARA-1.png\" class=\"attachment-large size-large\" alt=\"\" srcset=\"https:\/\/effik.ch\/wp-content\/uploads\/2024\/03\/AINARA-1.png 420w, https:\/\/effik.ch\/wp-content\/uploads\/2024\/03\/AINARA-1-300x257.png 300w\" sizes=\"auto, (max-width: 420px) 100vw, 420px\" \/><\/div>\n\t\t\t<div class=\"content-container\" style=\"text-align: right;\">\n\t\t\t\t\t\t<h2 class=\"section-title\">La s\u00e9cheresse vaginale<\/h2>\n\t\t\t\t\t\t\t\t\t<div class=\"section-content font-small\" style=\"max-width: 453px; align-self: flex-end;\"><p><span style=\"font-weight: 400;\">Durant toute la p\u00e9riode de fertilit\u00e9, le vagin est hydrat\u00e9 par la glaire cervicale. Il arrive que l\u2019hydratation du vagin soit insuffisante ou ne s\u2019effectue pas correctement. On parle alors de s\u00e9cheresse vaginale.\u00a0<\/span><\/p>\n<p><span style=\"font-weight: 400;\">AINARA<sup>\u00ae<\/sup>, gel vaginal SANS HORMONE mucoadh\u00e9sif (adh\u00e9sion \u00e0 la muqueuse vaginale), soulage les sympt\u00f4mes de la s\u00e9cheresse vaginale, de l\u2019atrophie et de l\u2019inconfort associ\u00e9 et am\u00e9liore ainsi la qualit\u00e9 de vie de la femme.<\/span><\/p>\n<\/div>\n\t\t\t\t\t\t\t\t\t\t<a class=\"blue-button\" style=\"align-self: flex-end;\" href=\"https:\/\/effik.ch\/fr\/gynecologie\/sante-vaginale\/la-secheresse-vaginale\/\" target=\"_self\">D\u00e9couvrez Ainara<sup>\u00ae<\/sup><\/a>\n\t\t\t\t\t<\/div>\n\t<\/div>\n<\/div>\n<style>\n\t.inner-hero-block {\n\t\t@media (min-width: 768px) {\n\t\taspect-ratio:  \/ 552; \n\t\tmin-height: 552px;\n\t\t}\n\t}\n<\/style>\n\n\n<div id=\"polybactum\" class=\"inner-hero-block spaced-p alignfull hero-mbl-column\" style=\"background-image: url(https:\/\/effik.ch\/wp-content\/uploads\/2024\/03\/polybactum-bg-1.svg)\">\n<div class=\"anchor-div\"><\/div>\n\n\t\t\t<div class=\"inner-hero-bg-mbl\" style=\"background-image: url(https:\/\/effik.ch\/wp-content\/uploads\/2024\/03\/polybactum-bg-1.svg); aspect-ratio:393\/200; min-height:200px;\">\n\t<div class=\"img-container\"><img loading=\"lazy\" decoding=\"async\" width=\"400\" height=\"159\" src=\"https:\/\/effik.ch\/wp-content\/uploads\/2024\/03\/polybactum.png\" class=\"attachment-large size-large\" alt=\"\" srcset=\"https:\/\/effik.ch\/wp-content\/uploads\/2024\/03\/polybactum.png 400w, https:\/\/effik.ch\/wp-content\/uploads\/2024\/03\/polybactum-300x119.png 300w\" sizes=\"auto, (max-width: 400px) 100vw, 400px\" \/><\/div>\n\t\t\t\t\t<\/div>\n\t<div class=\"wrap\" style=\"flex-direction: row-reverse;\">\n\t\t<div class=\"img-container\" style=\"justify-content: flex-end; max-height: 552px; width: calc(100% - 457px);\"><img loading=\"lazy\" decoding=\"async\" width=\"400\" height=\"159\" src=\"https:\/\/effik.ch\/wp-content\/uploads\/2024\/03\/polybactum.png\" class=\"attachment-large size-large\" alt=\"\" srcset=\"https:\/\/effik.ch\/wp-content\/uploads\/2024\/03\/polybactum.png 400w, https:\/\/effik.ch\/wp-content\/uploads\/2024\/03\/polybactum-300x119.png 300w\" sizes=\"auto, (max-width: 400px) 100vw, 400px\" \/><\/div>\n\t\t\t<div class=\"content-container\" style=\"text-align: left;\">\n\t\t\t\t\t\t<h2 class=\"section-title\">La vaginose bact\u00e9rienne <\/h2>\n\t\t\t\t\t\t\t\t\t<div class=\"section-content font-small\" style=\"max-width: 457px; align-self: flex-start;\"><p><span style=\"font-weight: 400;\">La vaginose d\u2019origine bact\u00e9rienne touche de nombreuses femmes. Environ 20 \u00e0 30 % des femmes en \u00e2ge de procr\u00e9er en sont atteintes.<\/span><\/p>\n<p><span style=\"font-weight: 400;\">Polybactum<sup>\u00ae<\/sup> est une solution efficace et innovante pour lutter contre les r\u00e9cidives de vaginose bact\u00e9rienne suite \u00e0 un traitement antibiotique.<\/span><\/p>\n<\/div>\n\t\t\t\t\t\t\t\t\t\t<a class=\"blue-button\" style=\"align-self: flex-start;\" href=\"https:\/\/effik.ch\/fr\/gynecologie\/sante-vaginale\/la-vaginose-bacterienne\/\" target=\"_self\">D\u00e9couvrez Polybactum<sup>\u00ae<\/sup><\/a>\n\t\t\t\t\t<\/div>\n\t<\/div>\n<\/div>\n<style>\n\t.inner-hero-block {\n\t\t@media (min-width: 768px) {\n\t\taspect-ratio:  \/ 552; \n\t\tmin-height: 552px;\n\t\t}\n\t}\n<\/style>\n\n\n<div id=\"geliofil\" class=\"inner-hero-block spaced-p alignfull hero-mbl-column\" style=\"background-image: url(https:\/\/effik.ch\/wp-content\/uploads\/2024\/03\/geliofil-bg.svg)\">\n<div class=\"anchor-div\"><\/div>\n\n\t\t\t<div class=\"inner-hero-bg-mbl\" style=\"background-image: url(https:\/\/effik.ch\/wp-content\/uploads\/2024\/03\/geliofil-bg.svg); aspect-ratio:393\/200; min-height:200px;\">\n\t<div class=\"img-container\"><img loading=\"lazy\" decoding=\"async\" width=\"405\" height=\"405\" src=\"https:\/\/effik.ch\/wp-content\/uploads\/2024\/03\/geliofil-1.png\" class=\"attachment-large size-large\" alt=\"\" srcset=\"https:\/\/effik.ch\/wp-content\/uploads\/2024\/03\/geliofil-1.png 405w, https:\/\/effik.ch\/wp-content\/uploads\/2024\/03\/geliofil-1-300x300.png 300w, https:\/\/effik.ch\/wp-content\/uploads\/2024\/03\/geliofil-1-150x150.png 150w\" sizes=\"auto, (max-width: 405px) 100vw, 405px\" \/><\/div>\n\t\t\t\t\t<\/div>\n\t<div class=\"wrap\" style=\"flex-direction: row;\">\n\t\t<div class=\"img-container\" style=\"justify-content: flex-start; max-height: 552px; width: calc(100% - 454px);\"><img loading=\"lazy\" decoding=\"async\" width=\"405\" height=\"405\" src=\"https:\/\/effik.ch\/wp-content\/uploads\/2024\/03\/geliofil-1.png\" class=\"attachment-large size-large\" alt=\"\" srcset=\"https:\/\/effik.ch\/wp-content\/uploads\/2024\/03\/geliofil-1.png 405w, https:\/\/effik.ch\/wp-content\/uploads\/2024\/03\/geliofil-1-300x300.png 300w, https:\/\/effik.ch\/wp-content\/uploads\/2024\/03\/geliofil-1-150x150.png 150w\" sizes=\"auto, (max-width: 405px) 100vw, 405px\" \/><\/div>\n\t\t\t<div class=\"content-container\" style=\"text-align: right;\">\n\t\t\t\t\t\t<h2 class=\"section-title\">Les d\u00e9s\u00e9quilibres <br \/>\r\nde la flore vaginale <br \/>\r\n<\/h2>\n\t\t\t\t\t\t\t\t\t<div class=\"section-content font-small\" style=\"max-width: 454px; align-self: flex-end;\"><p><span style=\"font-weight: 400;\">Le vagin, comme la peau, contient des bact\u00e9ries avec lesquelles la femme vit en harmonie. Ces bact\u00e9ries font partie de la flore vaginale.\u00a0<\/span><\/p>\n<p><span style=\"font-weight: 400;\">Geliofil<sup>\u00ae<\/sup> Protect est un gel vaginal contenant du glycog\u00e8ne et de l&rsquo;acide lactique. Il cr\u00e9e une barri\u00e8re filmog\u00e8ne sur la muqueuse vaginale, cette barri\u00e8re adh\u00e8re et forme une couche protectrice. Geliofil<sup>\u00ae<\/sup> Protect agit en limitant l&rsquo;adh\u00e9rence des bact\u00e9ries et micro-organismes nocifs \u00e0 la muqueuse et en cr\u00e9ant un environnement vaginal d\u00e9favorable pour eux.<\/span><\/p>\n<\/div>\n\t\t\t\t\t\t\t\t\t\t<a class=\"blue-button\" style=\"align-self: flex-end;\" href=\"https:\/\/effik.ch\/fr\/gynecologie\/sante-vaginale\/les-desequilibres-de-la-flore-vaginale\/\" target=\"_self\">D\u00e9couvrez Geliofil<sup>\u00ae<\/sup> Protect<\/a>\n\t\t\t\t\t<\/div>\n\t<\/div>\n<\/div>\n<style>\n\t.inner-hero-block {\n\t\t@media (min-width: 768px) {\n\t\taspect-ratio:  \/ 552; \n\t\tmin-height: 552px;\n\t\t}\n\t}\n<\/style>\n\n\n<div id=\"colpofix\" class=\"inner-hero-block spaced-p alignfull hero-mbl-column\" style=\"background-image: url(https:\/\/effik.ch\/wp-content\/uploads\/2024\/03\/colpopix-bg.svg)\">\n<div class=\"anchor-div\"><\/div>\n\n\t\t\t<div class=\"inner-hero-bg-mbl\" style=\"background-image: url(https:\/\/effik.ch\/wp-content\/uploads\/2024\/03\/colpopix-bg.svg); aspect-ratio:393\/200; min-height:200px;\">\n\t<div class=\"img-container\"><img loading=\"lazy\" decoding=\"async\" width=\"359\" height=\"406\" src=\"https:\/\/effik.ch\/wp-content\/uploads\/2024\/03\/colpofix-1.png\" class=\"attachment-large size-large\" alt=\"\" srcset=\"https:\/\/effik.ch\/wp-content\/uploads\/2024\/03\/colpofix-1.png 359w, https:\/\/effik.ch\/wp-content\/uploads\/2024\/03\/colpofix-1-265x300.png 265w\" sizes=\"auto, (max-width: 359px) 100vw, 359px\" \/><\/div>\n\t\t\t\t\t<\/div>\n\t<div class=\"wrap\" style=\"flex-direction: row-reverse;\">\n\t\t<div class=\"img-container\" style=\"justify-content: flex-end; max-height: 552px; width: calc(100% - 430px);\"><img loading=\"lazy\" decoding=\"async\" width=\"359\" height=\"406\" src=\"https:\/\/effik.ch\/wp-content\/uploads\/2024\/03\/colpofix-1.png\" class=\"attachment-large size-large\" alt=\"\" srcset=\"https:\/\/effik.ch\/wp-content\/uploads\/2024\/03\/colpofix-1.png 359w, https:\/\/effik.ch\/wp-content\/uploads\/2024\/03\/colpofix-1-265x300.png 265w\" sizes=\"auto, (max-width: 359px) 100vw, 359px\" \/><\/div>\n\t\t\t<div class=\"content-container\" style=\"text-align: left;\">\n\t\t\t\t\t\t<h2 class=\"section-title\">Infections <br \/>\r\nvaginales \u00e0 HPV<br \/>\r\n<\/h2>\n\t\t\t\t\t\t\t\t\t<div class=\"section-content font-small\" style=\"max-width: 430px; align-self: flex-start;\"><p><span style=\"font-weight: 400;\">70 \u00e0 80 % des femmes sexuellement actives seront affect\u00e9es par le papillomavirus humain (HPV) au cours de leur vie.\u00a0<\/span><\/p>\n<p><span style=\"font-weight: 400;\">Colpofix<sup>\u00ae<\/sup> est utilis\u00e9 pour la pr\u00e9vention et le traitement des l\u00e9sions cervicales (l\u00e9sions du col de l\u2019ut\u00e9rus) provoqu\u00e9es par le papillomavirus humain, gr\u00e2ce au contr\u00f4le des conditions physiologiques pr\u00e9sentes dans la zone de remaniement de la muqueuse cervico-vaginale.<\/span><\/p>\n<\/div>\n\t\t\t\t\t\t\t\t\t\t<a class=\"blue-button\" style=\"align-self: flex-start;\" href=\"\/wp-content\/uploads\/2024\/05\/Colpofix22_Depliant_Patient_FR.pdf\" target=\"_blank\">D\u00e9couvrez Colpofix<sup>\u00ae<\/sup><\/a>\n\t\t\t\t\t<\/div>\n\t<\/div>\n<\/div>\n<style>\n\t.inner-hero-block {\n\t\t@media (min-width: 768px) {\n\t\taspect-ratio:  \/ 552; \n\t\tmin-height: 552px;\n\t\t}\n\t}\n<\/style>\n","protected":false},"excerpt":{"rendered":"","protected":false},"author":1,"featured_media":0,"parent":859,"menu_order":0,"comment_status":"closed","ping_status":"closed","template":"","meta":{"_acf_changed":false,"footnotes":""},"class_list":{"2":"type-page","4":"hentry"},"acf":[],"yoast_head":"<!-- This site is optimized with the Yoast SEO plugin v25.1 - https:\/\/yoast.com\/wordpress\/plugins\/seo\/ -->\n<title>Sant\u00e9 vaginale - EFFIK<\/title>\n<meta name=\"robots\" content=\"index, follow, max-snippet:-1, max-image-preview:large, max-video-preview:-1\" \/>\n<link rel=\"canonical\" href=\"https:\/\/effik.ch\/fr\/gynecologie\/sante-vaginale\/\" \/>\n<meta property=\"og:locale\" content=\"fr_FR\" \/>\n<meta property=\"og:type\" content=\"article\" \/>\n<meta property=\"og:title\" content=\"Sant\u00e9 vaginale - EFFIK\" \/>\n<meta property=\"og:url\" content=\"https:\/\/effik.ch\/fr\/gynecologie\/sante-vaginale\/\" \/>\n<meta property=\"og:site_name\" content=\"EFFIK\" \/>\n<meta property=\"article:modified_time\" content=\"2024-06-17T08:46:24+00:00\" \/>\n<meta name=\"twitter:card\" content=\"summary_large_image\" \/>\n<script type=\"application\/ld+json\" class=\"yoast-schema-graph\">{\"@context\":\"https:\/\/schema.org\",\"@graph\":[{\"@type\":\"WebPage\",\"@id\":\"https:\/\/effik.ch\/fr\/gynecologie\/sante-vaginale\/\",\"url\":\"https:\/\/effik.ch\/fr\/gynecologie\/sante-vaginale\/\",\"name\":\"Sant\u00e9 vaginale - EFFIK\",\"isPartOf\":{\"@id\":\"https:\/\/effik.ch\/fr\/#website\"},\"datePublished\":\"2024-03-18T05:29:21+00:00\",\"dateModified\":\"2024-06-17T08:46:24+00:00\",\"breadcrumb\":{\"@id\":\"https:\/\/effik.ch\/fr\/gynecologie\/sante-vaginale\/#breadcrumb\"},\"inLanguage\":\"fr-FR\",\"potentialAction\":[{\"@type\":\"ReadAction\",\"target\":[\"https:\/\/effik.ch\/fr\/gynecologie\/sante-vaginale\/\"]}]},{\"@type\":\"BreadcrumbList\",\"@id\":\"https:\/\/effik.ch\/fr\/gynecologie\/sante-vaginale\/#breadcrumb\",\"itemListElement\":[{\"@type\":\"ListItem\",\"position\":1,\"name\":\"Home\",\"item\":\"https:\/\/effik.ch\/fr\/\"},{\"@type\":\"ListItem\",\"position\":2,\"name\":\"Gyn\u00e9cologie\",\"item\":\"https:\/\/effik.ch\/fr\/gynecologie\/\"},{\"@type\":\"ListItem\",\"position\":3,\"name\":\"Sant\u00e9 vaginale\"}]},{\"@type\":\"WebSite\",\"@id\":\"https:\/\/effik.ch\/fr\/#website\",\"url\":\"https:\/\/effik.ch\/fr\/\",\"name\":\"EFFIK\",\"description\":\"\",\"potentialAction\":[{\"@type\":\"SearchAction\",\"target\":{\"@type\":\"EntryPoint\",\"urlTemplate\":\"https:\/\/effik.ch\/fr\/?s={search_term_string}\"},\"query-input\":{\"@type\":\"PropertyValueSpecification\",\"valueRequired\":true,\"valueName\":\"search_term_string\"}}],\"inLanguage\":\"fr-FR\"}]}<\/script>\n<!-- \/ Yoast SEO plugin. -->","yoast_head_json":{"title":"Sant\u00e9 vaginale - EFFIK","robots":{"index":"index","follow":"follow","max-snippet":"max-snippet:-1","max-image-preview":"max-image-preview:large","max-video-preview":"max-video-preview:-1"},"canonical":"https:\/\/effik.ch\/fr\/gynecologie\/sante-vaginale\/","og_locale":"fr_FR","og_type":"article","og_title":"Sant\u00e9 vaginale - EFFIK","og_url":"https:\/\/effik.ch\/fr\/gynecologie\/sante-vaginale\/","og_site_name":"EFFIK","article_modified_time":"2024-06-17T08:46:24+00:00","twitter_card":"summary_large_image","schema":{"@context":"https:\/\/schema.org","@graph":[{"@type":"WebPage","@id":"https:\/\/effik.ch\/fr\/gynecologie\/sante-vaginale\/","url":"https:\/\/effik.ch\/fr\/gynecologie\/sante-vaginale\/","name":"Sant\u00e9 vaginale - EFFIK","isPartOf":{"@id":"https:\/\/effik.ch\/fr\/#website"},"datePublished":"2024-03-18T05:29:21+00:00","dateModified":"2024-06-17T08:46:24+00:00","breadcrumb":{"@id":"https:\/\/effik.ch\/fr\/gynecologie\/sante-vaginale\/#breadcrumb"},"inLanguage":"fr-FR","potentialAction":[{"@type":"ReadAction","target":["https:\/\/effik.ch\/fr\/gynecologie\/sante-vaginale\/"]}]},{"@type":"BreadcrumbList","@id":"https:\/\/effik.ch\/fr\/gynecologie\/sante-vaginale\/#breadcrumb","itemListElement":[{"@type":"ListItem","position":1,"name":"Home","item":"https:\/\/effik.ch\/fr\/"},{"@type":"ListItem","position":2,"name":"Gyn\u00e9cologie","item":"https:\/\/effik.ch\/fr\/gynecologie\/"},{"@type":"ListItem","position":3,"name":"Sant\u00e9 vaginale"}]},{"@type":"WebSite","@id":"https:\/\/effik.ch\/fr\/#website","url":"https:\/\/effik.ch\/fr\/","name":"EFFIK","description":"","potentialAction":[{"@type":"SearchAction","target":{"@type":"EntryPoint","urlTemplate":"https:\/\/effik.ch\/fr\/?s={search_term_string}"},"query-input":{"@type":"PropertyValueSpecification","valueRequired":true,"valueName":"search_term_string"}}],"inLanguage":"fr-FR"}]}},"_links":{"self":[{"href":"https:\/\/effik.ch\/fr\/wp-json\/wp\/v2\/pages\/870","targetHints":{"allow":["GET"]}}],"collection":[{"href":"https:\/\/effik.ch\/fr\/wp-json\/wp\/v2\/pages"}],"about":[{"href":"https:\/\/effik.ch\/fr\/wp-json\/wp\/v2\/types\/page"}],"author":[{"embeddable":true,"href":"https:\/\/effik.ch\/fr\/wp-json\/wp\/v2\/users\/1"}],"replies":[{"embeddable":true,"href":"https:\/\/effik.ch\/fr\/wp-json\/wp\/v2\/comments?post=870"}],"version-history":[{"count":5,"href":"https:\/\/effik.ch\/fr\/wp-json\/wp\/v2\/pages\/870\/revisions"}],"predecessor-version":[{"id":1216,"href":"https:\/\/effik.ch\/fr\/wp-json\/wp\/v2\/pages\/870\/revisions\/1216"}],"up":[{"embeddable":true,"href":"https:\/\/effik.ch\/fr\/wp-json\/wp\/v2\/pages\/859"}],"wp:attachment":[{"href":"https:\/\/effik.ch\/fr\/wp-json\/wp\/v2\/media?parent=870"}],"curies":[{"name":"wp","href":"https:\/\/api.w.org\/{rel}","templated":true}]}}