{"id":896,"date":"2024-03-21T06:18:23","date_gmt":"2024-03-21T04:18:23","guid":{"rendered":"https:\/\/effik.ch\/gynecologie\/sante-vaginale\/ungleichgewicht-der-vaginalflora\/"},"modified":"2024-06-17T11:01:59","modified_gmt":"2024-06-17T09:01:59","slug":"les-desequilibres-de-la-flore-vaginale","status":"publish","type":"page","link":"https:\/\/effik.ch\/fr\/gynecologie\/sante-vaginale\/les-desequilibres-de-la-flore-vaginale\/","title":{"rendered":"Les d\u00e9s\u00e9quilibres de la flore vaginale"},"content":{"rendered":"<div id=\"block_c29cc3c6b93526386e9d3e16712d4ea6\" class=\"hero-block alignfull\" style=\"background-image: url(https:\/\/effik.ch\/wp-content\/uploads\/2024\/03\/vaginal-health-1.jpg)\">\n\t<div class=\"wrap\">\n\t\t\t\t<h1 class=\"entry-title\">Les d\u00e9s\u00e9quilibres de la flore vaginale<\/h1>\n\t\t\t<\/div>\n<\/div>\n\n\n<div id=\"block_5ac895b876e06466d4bc73081a76501c\" class=\"secondary-menu-block alignfull\" style=\"\">\n<ul class=\"secondary-menu-container\">\n\t\t\t<li class=\"secondary-menu-item\">\n\t\t\t<a class=\"secondary-menu-item__content\" href=\"#geliofil-protect\">Geliofil<sup>\u00ae<\/sup> Protect<\/a>\n\t\t<\/li>\n\t\t\t\t<li class=\"secondary-menu-item\">\n\t\t\t<a class=\"secondary-menu-item__content\" href=\"#anwendung\">Application<\/a>\n\t\t<\/li>\n\t\t\t\t<li class=\"secondary-menu-item\">\n\t\t\t<a class=\"secondary-menu-item__content\" href=\"#packungsbeilage\">Notice d&rsquo;utilisation<\/a>\n\t\t<\/li>\n\t\t\t\t<li class=\"secondary-menu-item\">\n\t\t\t<a class=\"secondary-menu-item__content\" href=\"#ungleichgewicht-vaginalflora\">Les d\u00e9s\u00e9quilibres de la flore vaginale<\/a>\n\t\t<\/li>\n\t\t\t<\/ul>\n\t<\/div>\n\n\n<div id=\"geliofil-protect\" class=\"inner-hero-block spaced-p padding-36 border-0 mbl-border-0 product-section alignfull hero-mbl-column\" style=\"background-image: url(https:\/\/effik.ch\/wp-content\/uploads\/2024\/03\/geliofil-bg-1.svg)\">\n<div class=\"anchor-div\"><\/div>\n\n\t\t\t<div class=\"inner-hero-bg-mbl\" style=\"background-image: url(https:\/\/effik.ch\/wp-content\/uploads\/2024\/03\/geliofil-bg-1.svg); aspect-ratio:393\/200; min-height:200px;\">\n\t<div class=\"img-container\"><img loading=\"lazy\" decoding=\"async\" width=\"417\" height=\"379\" src=\"https:\/\/effik.ch\/wp-content\/uploads\/2024\/06\/Geliofil.png\" class=\"attachment-large size-large\" alt=\"\" srcset=\"https:\/\/effik.ch\/wp-content\/uploads\/2024\/06\/Geliofil.png 417w, https:\/\/effik.ch\/wp-content\/uploads\/2024\/06\/Geliofil-300x273.png 300w\" sizes=\"auto, (max-width: 417px) 100vw, 417px\" \/><\/div>\n\t\t\t\t\t<\/div>\n\t<div class=\"wrap\" style=\"flex-direction: row-reverse;\">\n\t\t<div class=\"img-container\" style=\"justify-content: flex-end; max-height: 350px; width: calc(100% - 460px);\"><img loading=\"lazy\" decoding=\"async\" width=\"417\" height=\"379\" src=\"https:\/\/effik.ch\/wp-content\/uploads\/2024\/06\/Geliofil.png\" class=\"attachment-large size-large\" alt=\"\" srcset=\"https:\/\/effik.ch\/wp-content\/uploads\/2024\/06\/Geliofil.png 417w, https:\/\/effik.ch\/wp-content\/uploads\/2024\/06\/Geliofil-300x273.png 300w\" sizes=\"auto, (max-width: 417px) 100vw, 417px\" \/><\/div>\n\t\t\t<div class=\"content-container\" style=\"text-align: left;\">\n\t\t\t\t\t\t\t\t\t<div class=\"section-content font-small\" style=\"max-width: 460px; align-self: flex-start;\"><p><img loading=\"lazy\" decoding=\"async\" class=\"aligncenter size-full wp-image-491\" role=\"img\" src=\"https:\/\/effik.ch\/wp-content\/uploads\/2024\/04\/geliofil-logo.svg\" alt=\"\" width=\"195\" height=\"136\" \/><\/p>\n<p><strong>Geliofil<sup>\u00ae<\/sup> Protect<\/strong> r\u00e9tablit et pr\u00e9serve l&rsquo;\u00e9quilibre naturel du pH dans le vagin.<\/p>\n<\/div>\n\t\t\t\t\t\t\t\t<\/div>\n\t<\/div>\n<\/div>\n<style>\n\t.inner-hero-block {\n\t\t@media (min-width: 768px) {\n\t\taspect-ratio:  \/ 350; \n\t\tmin-height: 350px;\n\t\t}\n\t}\n<\/style>\n\n\n<div id=\"block_356fc2e8a366bb15eaa4fe62549fa645\" class=\"hero-text-block body_16_regular border-wrapped mbl-wrapped-0 alignfull\" style=\"\">\n\t<div class=\"wrap\">\n\t\t\t\t\t\t\t<div class=\"hero-text\"><p><strong>Geliofil<sup>\u00ae<\/sup> Protect<\/strong> est un gel vaginal contenant du glycog\u00e8ne et de l&rsquo;acide lactique.<\/p>\n<p><strong>Geliofil<sup>\u00ae<\/sup> Protect<\/strong> cr\u00e9e une barri\u00e8re filmog\u00e8ne sur la muqueuse vaginale, cette barri\u00e8re adh\u00e8re et forme une couche protectrice. Il agit en limitant l&rsquo;adh\u00e9rence des bact\u00e9ries et micro-organismes nocifs \u00e0 la muqueuse et en cr\u00e9ant un environnement vaginal d\u00e9favorable pour eux.<\/p>\n<p><strong>Geliofil<sup>\u00ae<\/sup> Protect<\/strong> contient de l&rsquo;acide lactique qui neutralise efficacement les odeurs et r\u00e9tablit le pH physiologique du vagin. Lorsque le pH est normal et que les nutriments sont suffisants, les bact\u00e9ries lactiques protectrices se d\u00e9veloppent et l&rsquo;\u00e9quilibre vaginal naturel est r\u00e9tabli, ce qui permet de soulager les pertes anormales et l&rsquo;inconfort et d&rsquo;\u00e9viter l&rsquo;apparition d&rsquo;odeurs d\u00e9sagr\u00e9ables.<\/p>\n<\/div>\n\t\t\t<\/div>\n<\/div>\n\n\n<div id=\"block_ff9949840e0952762c3024b8dd983beb\" class=\"product-content-block alignfull\" style=\"\">\n\t<div class=\"wrap\">\n\t\t<div class=\"product-left-content\">\n\t\t\t\t\t\t<h2 class=\"plc-title\">Quand utiliser Geliofil<sup>\u00ae<\/sup> Protect ?<\/h2>\n\t\t\t\t\t\t\t\t<\/div>\n\t\t<div class=\"product-right-content\">\n\t\t\t<p><strong>Geliofil<sup>\u00ae<\/sup> Protect<\/strong> neutralise les mauvaises odeurs, r\u00e9tablit le pH physiologique, soulage l&rsquo;inconfort vaginal, dont la vaginose bact\u00e9rienne ferait partie et restaure la flore vaginale li\u00e9e aux troubles vaginaux.<\/p>\n\t\t<\/div>\n\t<\/div>\n<\/div>\n\n\n<div id=\"anwendung\" class=\"product-content-block alignfull\" style=\"\">\n\t<div class=\"wrap\">\n\t\t<div class=\"product-left-content\">\n\t\t\t\t\t\t<h2 class=\"plc-title\">Comment utiliser le Geliofil<sup>\u00ae<\/sup> Protect ?\r\n<\/h2>\n\t\t\t\t\t\t\t\t<\/div>\n\t\t<div class=\"product-right-content\">\n\t\t\t<p><strong>Geliofil<sup>\u00ae<\/sup> Protect<\/strong> est un gel mucoadh\u00e9sif pour l&rsquo;administration par voie intravaginale.<\/p>\n<p>Chaque tube contient un applicateur correspondant \u00e0 une dose unique.<\/p>\n<p><strong>Pour le traitement<\/strong>: utiliser 1 applicateur par jour pendant 7 jours avant le coucher.<\/p>\n<p><strong>En entretien<\/strong>: si vous constatez une r\u00e9apparition des sympt\u00f4mes, vous pouvez utiliser Geliofil<sup>\u00ae<\/sup> Protect pour r\u00e9tablir le pH normal de la flore vaginale :<\/p>\n<p>R\u00e9p\u00e9tez le traitement pendant 7 jours.<\/p>\n<p><strong>Geliofil<sup>\u00ae<\/sup> Protect peut \u00eatre utilis\u00e9 pendant la grossesse.<\/strong><\/p>\n<p>&nbsp;<\/p>\n<p><strong>Pr\u00e9sentation<\/strong> :<\/p>\n<p>7 tubes applicateurs unidoses (5ml)<\/p>\n\t\t<\/div>\n\t<\/div>\n<\/div>\n\n\n<div id=\"packungsbeilage\" class=\"product-content-block alignfull\" style=\"\">\n\t<div class=\"wrap\">\n\t\t<div class=\"product-left-content\">\n\t\t\t\t\t\t<h2 class=\"plc-title\">Geliofil<sup>\u00ae<\/sup> Protect est facile \u00e0 utiliser<\/h2>\n\t\t\t\t\t\t\t\t<\/div>\n\t\t<div class=\"product-right-content\">\n\t\t\t<p><strong>Geliofil<sup>\u00ae<\/sup> Protect<\/strong> peut provoquer des picotements en cas d\u2019infections fongiques en cours (par exemple, une candidose) ou en raison de fissures dans la muqueuse vaginale. Cette sensation dispara\u00eet rapidement.<\/p>\n<p><a href=\"https:\/\/effik.ch\/wp-content\/uploads\/2024\/05\/Geliofil_Protect_Leaflet.pdf\" target=\"_blank\" rel=\"noopener\"><strong>VOUS POUVEZ T\u00c9L\u00c9CHARGER ICI LA NOTICE D&rsquo;EMBALLAGE (DISPOSITIF M\u00c9DICAL : CLASSE IIA)<\/strong><\/a><\/p>\n\t\t<\/div>\n\t<\/div>\n<\/div>\n\n\n<script>\n\/\/ \/\/Accordion.\n\/\/ jQuery( function( $ ) {\n\/\/ \tvar accItem = document.getElementsByClassName(\"accordion\");\n\/\/ \tvar accHD = document.getElementsByClassName(\"accordion-title\");\n\/\/ \tfor (i = 0; i < accHD.length; i++) {\n\/\/ \taccHD[i].addEventListener(\"click\", toggleItem, false);\n\/\/ \t}\n\/\/ \tfunction toggleItem() {\n\/\/ \tvar itemClass = this.parentNode.className;\n\/\/ \tfor (i = 0; i < accItem.length; i++) {\n\/\/ \t\taccItem[i].className = \"accordion close\";\n\/\/ \t}\n\/\/ \tif (\"accordion close\" == itemClass) {\n\/\/ \t\tthis.parentNode.className = \"accordion open\";\n\/\/ \t}\n\/\/ \t}        \n\/\/ });\n<\/script>\n\n<div id=\"ungleichgewicht-vaginalflora\" class=\"faqs-block alignfull\" style=\"\">\n<div class=\"wrap\">\n<h2 class=\"heading_40_semibold\">Les d\u00e9s\u00e9quilibres de la flore vaginale<\/h2>\n<div class=\"accordion-container\">\n<li class=\"accordion open\">\t\t<div class=\"accordion-title\"><h3>Le pH de la zone intime<\/h3><div class=\"accordion-btn dsk-accordion-btn\"><\/div><\/div>\n\t\t<div class=\"accordion-content\">\n\t\t\t\t\t\t\t<div class=\"faqs-left-content\"><p>Le degr\u00e9 d\u2019acidit\u00e9 de la peau est mesur\u00e9 par le pH, et varie selon la r\u00e9gion du corps. Le pH de la zone intime est plus faible que celui du reste du corps, entre 3,8 et 4,5.<\/p>\n<p>Le vagin, comme la peau, contient des bact\u00e9ries avec lesquelles la femme vit en harmonie. Ces bact\u00e9ries font partie de la flore vaginale.<\/p>\n<p>La flore vaginale est normalement constitu\u00e9e d\u2019un ensemble de microorganismes. \u00c0 l&rsquo;\u00e9tat sain, il est compos\u00e9 \u00e0 95% de lactobacilles formant un biofilm. Les lactobacilles <strong>(bact\u00e9ries lactiques)<\/strong> ont un r\u00f4le protecteur en inhibant la croissance des germes pathog\u00e8nes (responsables de la maladie). Les lactobacilles s\u2019implantent dans la muqueuse vaginale, consomment le <strong>glycog\u00e8ne<\/strong> de l&rsquo;\u00e9pith\u00e9lium vaginal et produisent de <strong>l&rsquo;acide lactique<\/strong>. Cette production d&rsquo;acide lactique maintient le pH relativement acide de la zone intime entre 3,8 et 4,5.<\/p>\n<\/div>\n\t\t\t\t\t\t\t\t<\/div>\n\t\t<div class=\"accordion-btn mbl-accordion-btn\"><\/div>\n\t\t<li class=\"accordion close\">\t\t<div class=\"accordion-title\"><h3>Le pH physiologique de la zone intime : un syst\u00e8me de d\u00e9fense \u00abnaturel\u00bb.<\/h3><div class=\"accordion-btn dsk-accordion-btn\"><\/div><\/div>\n\t\t<div class=\"accordion-content\">\n\t\t\t\t\t\t\t<div class=\"faqs-left-content\"><p>De nombreuses circonstances peuvent \u00eatre \u00e0 l\u2019origine d\u2019une modification de la flore vaginale :<\/p>\n<ul>\n<li>Un traitement antibiotique<\/li>\n<li>Des variations hormonales (m\u00e9nopause, allaitement)<\/li>\n<li>La p\u00e9riode des r\u00e8gles<\/li>\n<li>Les rapports sexuels<\/li>\n<li>Une hygi\u00e8ne intime trop agressive ou trop fr\u00e9quente<\/li>\n<\/ul>\n<p>Les changements de pH dans la zone intime peuvent favoriser la croissance de bact\u00e9ries nocives. et provoquer des irritations, des odeurs d\u00e9sagr\u00e9ables, des modifications de l&rsquo;\u00e9coulement, des d\u00e9mangeaisons et des br\u00fblures.<\/p>\n<\/div>\n\t\t\t\t\t\t\t\t<\/div>\n\t\t<div class=\"accordion-btn mbl-accordion-btn\"><\/div>\n\t\t<\/div>\n<\/div><\/div>\n<style>\n\t.accordion.open .accordion-btn {\n\t\tbackground: url('https:\/\/effik.ch\/wp-content\/uploads\/2024\/05\/fermer-btn.svg')\n\t\t\tno-repeat center \/ contain;\n\t}\n\t.accordion.close .accordion-btn {\n\t\tbackground: url('https:\/\/effik.ch\/wp-content\/uploads\/2024\/05\/ouvrir-btn.svg')\n\t\t\tno-repeat center \/ contain;\n\t}\n<\/style>\n","protected":false},"excerpt":{"rendered":"","protected":false},"author":1,"featured_media":0,"parent":870,"menu_order":3,"comment_status":"closed","ping_status":"closed","template":"","meta":{"_acf_changed":false,"footnotes":""},"class_list":{"2":"type-page","4":"hentry"},"acf":[],"yoast_head":"<!-- This site is optimized with the Yoast SEO plugin v25.1 - https:\/\/yoast.com\/wordpress\/plugins\/seo\/ -->\n<title>Les d\u00e9s\u00e9quilibres de la flore vaginale - EFFIK<\/title>\n<meta name=\"robots\" content=\"index, follow, max-snippet:-1, max-image-preview:large, max-video-preview:-1\" \/>\n<link rel=\"canonical\" href=\"https:\/\/effik.ch\/fr\/gynecologie\/sante-vaginale\/les-desequilibres-de-la-flore-vaginale\/\" \/>\n<meta property=\"og:locale\" content=\"fr_FR\" \/>\n<meta property=\"og:type\" content=\"article\" \/>\n<meta property=\"og:title\" content=\"Les d\u00e9s\u00e9quilibres de la flore vaginale - EFFIK\" \/>\n<meta property=\"og:url\" content=\"https:\/\/effik.ch\/fr\/gynecologie\/sante-vaginale\/les-desequilibres-de-la-flore-vaginale\/\" \/>\n<meta property=\"og:site_name\" content=\"EFFIK\" \/>\n<meta property=\"article:modified_time\" content=\"2024-06-17T09:01:59+00:00\" \/>\n<meta name=\"twitter:card\" content=\"summary_large_image\" \/>\n<script type=\"application\/ld+json\" class=\"yoast-schema-graph\">{\"@context\":\"https:\/\/schema.org\",\"@graph\":[{\"@type\":\"WebPage\",\"@id\":\"https:\/\/effik.ch\/fr\/gynecologie\/sante-vaginale\/les-desequilibres-de-la-flore-vaginale\/\",\"url\":\"https:\/\/effik.ch\/fr\/gynecologie\/sante-vaginale\/les-desequilibres-de-la-flore-vaginale\/\",\"name\":\"Les d\u00e9s\u00e9quilibres de la flore vaginale - EFFIK\",\"isPartOf\":{\"@id\":\"https:\/\/effik.ch\/fr\/#website\"},\"datePublished\":\"2024-03-21T04:18:23+00:00\",\"dateModified\":\"2024-06-17T09:01:59+00:00\",\"breadcrumb\":{\"@id\":\"https:\/\/effik.ch\/fr\/gynecologie\/sante-vaginale\/les-desequilibres-de-la-flore-vaginale\/#breadcrumb\"},\"inLanguage\":\"fr-FR\",\"potentialAction\":[{\"@type\":\"ReadAction\",\"target\":[\"https:\/\/effik.ch\/fr\/gynecologie\/sante-vaginale\/les-desequilibres-de-la-flore-vaginale\/\"]}]},{\"@type\":\"BreadcrumbList\",\"@id\":\"https:\/\/effik.ch\/fr\/gynecologie\/sante-vaginale\/les-desequilibres-de-la-flore-vaginale\/#breadcrumb\",\"itemListElement\":[{\"@type\":\"ListItem\",\"position\":1,\"name\":\"Home\",\"item\":\"https:\/\/effik.ch\/fr\/\"},{\"@type\":\"ListItem\",\"position\":2,\"name\":\"Gyn\u00e9cologie\",\"item\":\"https:\/\/effik.ch\/fr\/gynecologie\/\"},{\"@type\":\"ListItem\",\"position\":3,\"name\":\"Sant\u00e9 vaginale\",\"item\":\"https:\/\/effik.ch\/fr\/gynecologie\/sante-vaginale\/\"},{\"@type\":\"ListItem\",\"position\":4,\"name\":\"Les d\u00e9s\u00e9quilibres de la flore vaginale\"}]},{\"@type\":\"WebSite\",\"@id\":\"https:\/\/effik.ch\/fr\/#website\",\"url\":\"https:\/\/effik.ch\/fr\/\",\"name\":\"EFFIK\",\"description\":\"\",\"potentialAction\":[{\"@type\":\"SearchAction\",\"target\":{\"@type\":\"EntryPoint\",\"urlTemplate\":\"https:\/\/effik.ch\/fr\/?s={search_term_string}\"},\"query-input\":{\"@type\":\"PropertyValueSpecification\",\"valueRequired\":true,\"valueName\":\"search_term_string\"}}],\"inLanguage\":\"fr-FR\"}]}<\/script>\n<!-- \/ Yoast SEO plugin. -->","yoast_head_json":{"title":"Les d\u00e9s\u00e9quilibres de la flore vaginale - EFFIK","robots":{"index":"index","follow":"follow","max-snippet":"max-snippet:-1","max-image-preview":"max-image-preview:large","max-video-preview":"max-video-preview:-1"},"canonical":"https:\/\/effik.ch\/fr\/gynecologie\/sante-vaginale\/les-desequilibres-de-la-flore-vaginale\/","og_locale":"fr_FR","og_type":"article","og_title":"Les d\u00e9s\u00e9quilibres de la flore vaginale - EFFIK","og_url":"https:\/\/effik.ch\/fr\/gynecologie\/sante-vaginale\/les-desequilibres-de-la-flore-vaginale\/","og_site_name":"EFFIK","article_modified_time":"2024-06-17T09:01:59+00:00","twitter_card":"summary_large_image","schema":{"@context":"https:\/\/schema.org","@graph":[{"@type":"WebPage","@id":"https:\/\/effik.ch\/fr\/gynecologie\/sante-vaginale\/les-desequilibres-de-la-flore-vaginale\/","url":"https:\/\/effik.ch\/fr\/gynecologie\/sante-vaginale\/les-desequilibres-de-la-flore-vaginale\/","name":"Les d\u00e9s\u00e9quilibres de la flore vaginale - EFFIK","isPartOf":{"@id":"https:\/\/effik.ch\/fr\/#website"},"datePublished":"2024-03-21T04:18:23+00:00","dateModified":"2024-06-17T09:01:59+00:00","breadcrumb":{"@id":"https:\/\/effik.ch\/fr\/gynecologie\/sante-vaginale\/les-desequilibres-de-la-flore-vaginale\/#breadcrumb"},"inLanguage":"fr-FR","potentialAction":[{"@type":"ReadAction","target":["https:\/\/effik.ch\/fr\/gynecologie\/sante-vaginale\/les-desequilibres-de-la-flore-vaginale\/"]}]},{"@type":"BreadcrumbList","@id":"https:\/\/effik.ch\/fr\/gynecologie\/sante-vaginale\/les-desequilibres-de-la-flore-vaginale\/#breadcrumb","itemListElement":[{"@type":"ListItem","position":1,"name":"Home","item":"https:\/\/effik.ch\/fr\/"},{"@type":"ListItem","position":2,"name":"Gyn\u00e9cologie","item":"https:\/\/effik.ch\/fr\/gynecologie\/"},{"@type":"ListItem","position":3,"name":"Sant\u00e9 vaginale","item":"https:\/\/effik.ch\/fr\/gynecologie\/sante-vaginale\/"},{"@type":"ListItem","position":4,"name":"Les d\u00e9s\u00e9quilibres de la flore vaginale"}]},{"@type":"WebSite","@id":"https:\/\/effik.ch\/fr\/#website","url":"https:\/\/effik.ch\/fr\/","name":"EFFIK","description":"","potentialAction":[{"@type":"SearchAction","target":{"@type":"EntryPoint","urlTemplate":"https:\/\/effik.ch\/fr\/?s={search_term_string}"},"query-input":{"@type":"PropertyValueSpecification","valueRequired":true,"valueName":"search_term_string"}}],"inLanguage":"fr-FR"}]}},"_links":{"self":[{"href":"https:\/\/effik.ch\/fr\/wp-json\/wp\/v2\/pages\/896","targetHints":{"allow":["GET"]}}],"collection":[{"href":"https:\/\/effik.ch\/fr\/wp-json\/wp\/v2\/pages"}],"about":[{"href":"https:\/\/effik.ch\/fr\/wp-json\/wp\/v2\/types\/page"}],"author":[{"embeddable":true,"href":"https:\/\/effik.ch\/fr\/wp-json\/wp\/v2\/users\/1"}],"replies":[{"embeddable":true,"href":"https:\/\/effik.ch\/fr\/wp-json\/wp\/v2\/comments?post=896"}],"version-history":[{"count":7,"href":"https:\/\/effik.ch\/fr\/wp-json\/wp\/v2\/pages\/896\/revisions"}],"predecessor-version":[{"id":1222,"href":"https:\/\/effik.ch\/fr\/wp-json\/wp\/v2\/pages\/896\/revisions\/1222"}],"up":[{"embeddable":true,"href":"https:\/\/effik.ch\/fr\/wp-json\/wp\/v2\/pages\/870"}],"wp:attachment":[{"href":"https:\/\/effik.ch\/fr\/wp-json\/wp\/v2\/media?parent=896"}],"curies":[{"name":"wp","href":"https:\/\/api.w.org\/{rel}","templated":true}]}}